{"id":5271,"date":"2024-12-27T12:18:37","date_gmt":"2024-12-27T11:18:37","guid":{"rendered":"https:\/\/www.eqit.sk\/?post_type=awsm_job_openings&#038;p=5271"},"modified":"2024-12-27T12:19:57","modified_gmt":"2024-12-27T11:19:57","slug":"infra-architekt-tl","status":"publish","type":"awsm_job_openings","link":"https:\/\/www.eqit.sk\/en\/jobs\/infra-architekt-tl\/","title":{"rendered":"Infra Architekt + TL"},"content":{"rendered":"<p>Slovensk\u00e1 spolo\u010dnos\u0165 z oblasti SW v\u00fdvoja h\u013ead\u00e1 do svojich radov sk\u00fasen\u00e9ho Infrastructure architekta, ktor\u00fd m\u00e1 sk\u00fasenos\u0165 aj s leadovan\u00edm t\u00edmu.<\/p>\n\n\n\n<p>Ide o firmu, ktor\u00e1 je na na\u0161om trhu u\u017e skoro 30 rokov. Spolupracuj\u00fa s ve\u013ek\u00fdmi spolo\u010dnos\u0165ami ako Dell, Microsoft, Google a pod., no okrem toho sa venuj\u00fa aj \u0161t\u00e1tnym projektom.<\/p>\n\n\n<h4 class=\"gradient_job\">N\u00c1PL\u0147 PR\u00c1CE<\/h4>\n<p><!-- \/wp:heading --><\/p>\n<p><!-- wp:paragraph --><\/p>\n<p><!-- \/wp:paragraph --><\/p>\n<ul>\n<li><strong>n\u00e1vrh architekt\u00fary infra\u0161trukt\u00fary<\/strong> pre komplexn\u00e9 SW rie\u0161enia, (HW, network, virtualiza\u010dn\u00e1 platforma,&#8230;)<\/li>\n<li><strong>zapojenie sa do nov\u00fdch projektov<\/strong>, od presales f\u00e1zy, cez nasadenie a\u017e po prev\u00e1dzku rie\u0161en\u00ed<\/li>\n<li><strong>n\u00e1vrh rie\u0161en\u00ed<\/strong> pre HA, DR, monitoring, z\u00e1lohovanie, hosting<\/li>\n<li>n\u00e1vrh infra architekt\u00fary v s\u00fa\u010dinnosti S Analytikom a SW Architektom<\/li>\n<li><strong>koordin\u00e1cia<\/strong> aktiv\u00edt z poz\u00edcie infra architekta, spolupr\u00e1ca s ostatn\u00fdmi \u010dlenmi projektov\u00e9ho t\u00edmu\u00a0<\/li>\n<li><strong>doh\u013ead nad pokrokom t\u00edmu<\/strong>, s cie\u013eom zabezpe\u010di\u0165 s\u00falad s p\u00f4vodn\u00fdm, zam\u00fd\u0161\u013ean\u00fdm dizajnom a architekt\u00farou<\/li>\n<li><strong>prev\u00e1dzka a rozvoj internej a z\u00e1kazn\u00edckej infra\u0161trukt\u00fary<\/strong>, zabezpe\u010denie podpory (L2, L3)<\/li>\n<li><strong>komunik\u00e1cia s dod\u00e1vate\u013emi<\/strong>, z\u00e1kazn\u00edkmi a intern\u00fdmi zamestnancami<\/li>\n<li><strong>zodpovednos\u0165 za intern\u00fd t\u00edm<\/strong> technikov, administr\u00e1torov, pl\u00e1novanie aktiv\u00edt, rozvoj, workshopy<\/li>\n<li>pracova\u0165 na zabezpe\u010den\u00ed internej a z\u00e1kazn\u00edckej infra\u0161trukt\u00fary (prev\u00e1dzka, podpora, rozvoj) a tie\u017e na zauj\u00edmav\u00fdch nov\u00fdch projektoch<\/li>\n<li><strong>technick\u00e9 poradenstvo<\/strong> a kou\u010dovanie oh\u013eadom technol\u00f3gi\u00ed a architekt\u00fary<\/li>\n<li><strong>hybridn\u00e9 fungovanie<\/strong> &#8211; 3 dni v t\u00fd\u017edni office time<\/li>\n<\/ul>\n<p><!-- \/wp:paragraph --><!-- wp:paragraph --><\/p>\n<p><!-- \/wp:paragraph --><!-- wp:paragraph --><\/p>\n<p><!-- \/wp:paragraph --><!-- wp:paragraph --><\/p>\n<p><!-- \/wp:paragraph --><!-- wp:paragraph --><\/p>\n<p><!-- \/wp:paragraph --><!-- wp:paragraph --><\/p>\n<p><!-- \/wp:paragraph --><!-- wp:paragraph --><\/p>\n<p><!-- wp:heading {\"level\":4,\"className\":\"gradient_job\"} --><\/p>\n<h4 class=\"gradient_job\">PO\u017dIADAVKY NA KANDID\u00c1TA<\/h4>\n<p><!-- \/wp:heading --><\/p>\n<p><!-- wp:list --><\/p>\n<p><!-- \/wp:list --><\/p>\n<ul>\n<li>minim\u00e1lne <strong>3 ro\u010dn\u00e1 prax<\/strong> na poz\u00edcii Infrastructure architekta<\/li>\n<li>sk\u00fasenos\u0165 s OS <strong>Linux<\/strong> (RedHat, Gentoo)<\/li>\n<li>sk\u00fasenos\u0165 s <strong>virtualiza\u010dn\u00fdmi platformami<\/strong> VMWare, Oracle KVM<\/li>\n<li>sk\u00fasenosti s n\u00e1vrhom Storage vrstvy (DELL \/ HP) a networkingu (DELL, CISCO)<\/li>\n<li>sk\u00fasenos\u0165 s <strong>kontajnerov\u00fdmi platformami<\/strong> &#8211; RedHat Openshift, Tanzu, mana\u017eovan\u00fd K8s<\/li>\n<li>sk\u00fasenos\u0165 s <strong>veden\u00edm t\u00edmu<\/strong> 5+ \u013eud\u00ed<\/li>\n<li>angli\u010dtina minim\u00e1lne na \u00farovni porozumenia manu\u00e1lov, produktov\u00fdch roadmap, rie\u0161enia incidentov<\/li>\n<li>proakt\u00edvny pr\u00edstup a komunika\u010dn\u00e9 prepojenie medzi mana\u017ementom a t\u00edmom<\/li>\n<\/ul>\n<div class=\"wp-block-columns\">\n<p><!-- \/wp:column --><\/p>\n<p><!-- wp:column --><\/p>\n<p><!-- \/wp:column --><\/p>\n<\/div>\n<p><!-- \/wp:columns --><\/p>\n<p><!-- wp:paragraph --><\/p>\n<p><!-- \/wp:paragraph --><\/p>\n<p><!-- wp:heading {\"level\":4,\"className\":\"gradient_job\"} --><\/p>\n<h4 class=\"gradient_job\">ZAMESTNANECK\u00c9 V\u00ddHODY, BENEFITY:<\/h4>\n<p><!-- \/wp:heading --><\/p>\n<p><!-- wp:list --><\/p>\n<ul>\n<li style=\"list-style-type: none;\">\n<ul><!-- wp:list-item --><\/ul>\n<\/li>\n<li>flexibiln\u00fd pracovn\u00fd \u010das<\/li>\n<li>vzdel\u00e1vac\u00ed program zameran\u00fd na odborn\u00e9 certifik\u00e1cie a kurzy<\/li>\n<li>4 dni dovolenky naviac<\/li>\n<li>pr\u00edspevok na stravu nad r\u00e1mec z\u00e1kona<\/li>\n<li>in the case of a cooperation agreement, you will have an employment contract directly with our partner<\/li>\n<li>the selection process takes place in <strong>two rounds<\/strong> (1. kolo online rozhovor, 2. kolo osobn\u00e9 stretnutie so z\u00e1stupcami spolo\u010dnosti),<\/li>\n<li>despite the fact that the ideal start of the applicant is <strong>ASAP<\/strong>, vieme samozrejme po\u010dka\u0165 aj na pr\u00edpadn\u00fd n\u00e1stup po v\u00fdpovednej lehote (2 mesiace).<\/li>\n<\/ul>\n<p>\u00a0<\/p>\n<p>Pokia\u013e vie\u0161 o niekom, koho by t\u00e1to poz\u00edcia mohla rovnako zauja\u0165, daj n\u00e1m vedie\u0165 a my sa ti odmen\u00edme.<\/p>\n<p><!-- \/wp:list-item --><\/p>\n<p><!-- wp:list-item --><\/p>\n<p><!-- \/wp:list-item --><\/p>\n<p><!-- wp:list-item --><\/p>\n<p><!-- \/wp:list-item --><\/p>\n<p><!-- \/wp:list --><\/p>\n<p><!-- wp:paragraph --><\/p>\n<p><!-- \/wp:paragraph --><\/p>\n<p><!-- wp:columns --><\/p>\n<div class=\"wp-block-columns\"><!-- wp:column -->\n<p>\u00a0<\/p>\n<div class=\"wp-block-column\"><!-- wp:heading {\"level\":4,\"className\":\"gradient_job\"} -->\n<p>\u00a0<\/p>\n<h4 class=\"gradient_job\">FORMA:<\/h4>\n<p><!-- \/wp:heading --><\/p>\n<p><!-- wp:paragraph {\"className\":\"plny\"} --><\/p>\n<p class=\"plny\">TPP\/I\u010cO<\/p>\n<p><!-- \/wp:paragraph --><\/p>\n<\/div>\n<p><!-- \/wp:column --><\/p>\n<p><!-- wp:column --><\/p>\n<div class=\"wp-block-column\"><!-- wp:heading {\"level\":4,\"className\":\"gradient_job\"} -->\n<p>\u00a0<\/p>\n<h4 class=\"gradient_job\">LOKALITA:<\/h4>\n<p><!-- \/wp:heading --><\/p>\n<p><!-- wp:paragraph {\"className\":\"plny\"} --><\/p>\n<p class=\"plny\">Bratislava\/\u017dilina<\/p>\n<p><!-- \/wp:paragraph --><\/p>\n<\/div>\n<p><!-- \/wp:column --><\/p>\n<p><!-- wp:column --><\/p>\n<div class=\"wp-block-column\"><!-- wp:heading {\"level\":4,\"className\":\"gradient_job\"} -->\n<p>\u00a0<\/p>\n<h4 class=\"gradient_job\">MZDA:<\/h4>\n<p><!-- \/wp:heading --><\/p>\n<p><!-- wp:paragraph {\"className\":\"plny\"} --><\/p>\n<p class=\"plny\">3000-5000\u20ac<\/p>\n<\/div>\n<\/div>","protected":false},"excerpt":{"rendered":"<p>Slovensk\u00e1 spolo\u010dnos\u0165 z oblasti SW v\u00fdvoja h\u013ead\u00e1 do svojich radov sk\u00fasen\u00e9ho Infrastructure architekta, ktor\u00fd m\u00e1 sk\u00fasenos\u0165 aj s leadovan\u00edm t\u00edmu. Ide o firmu, ktor\u00e1 je na na\u0161om trhu u\u017e skoro 30 rokov. Spolupracuj\u00fa s ve\u013ek\u00fdmi spolo\u010dnos\u0165ami ako Dell, Microsoft, Google a pod., no okrem toho sa venuj\u00fa aj \u0161t\u00e1tnym projektom. N\u00c1PL\u0147 PR\u00c1CE n\u00e1vrh architekt\u00fary infra\u0161trukt\u00fary [&hellip;]<\/p>","protected":false},"author":2,"template":"","meta":{"inline_featured_image":false},"yoast_head":"<!-- This site is optimized with the Yoast SEO plugin v20.0 - https:\/\/yoast.com\/wordpress\/plugins\/seo\/ -->\n<title>Infra Architekt + TL - Eqit<\/title>\n<meta name=\"robots\" content=\"index, follow, max-snippet:-1, max-image-preview:large, max-video-preview:-1\" \/>\n<link rel=\"canonical\" href=\"https:\/\/www.eqit.sk\/en\/jobs\/infra-architekt-tl\/\" \/>\n<meta property=\"og:locale\" content=\"en_US\" \/>\n<meta property=\"og:type\" content=\"article\" \/>\n<meta property=\"og:title\" content=\"Infra Architekt + TL - Eqit\" \/>\n<meta property=\"og:description\" content=\"Slovensk\u00e1 spolo\u010dnos\u0165 z oblasti SW v\u00fdvoja h\u013ead\u00e1 do svojich radov sk\u00fasen\u00e9ho Infrastructure architekta, ktor\u00fd m\u00e1 sk\u00fasenos\u0165 aj s leadovan\u00edm t\u00edmu. Ide o firmu, ktor\u00e1 je na na\u0161om trhu u\u017e skoro 30 rokov. Spolupracuj\u00fa s ve\u013ek\u00fdmi spolo\u010dnos\u0165ami ako Dell, Microsoft, Google a pod., no okrem toho sa venuj\u00fa aj \u0161t\u00e1tnym projektom. N\u00c1PL\u0147 PR\u00c1CE n\u00e1vrh architekt\u00fary infra\u0161trukt\u00fary [&hellip;]\" \/>\n<meta property=\"og:url\" content=\"https:\/\/www.eqit.sk\/en\/jobs\/infra-architekt-tl\/\" \/>\n<meta property=\"og:site_name\" content=\"Eqit\" \/>\n<meta property=\"article:modified_time\" content=\"2024-12-27T11:19:57+00:00\" \/>\n<meta name=\"twitter:card\" content=\"summary_large_image\" \/>\n<meta name=\"twitter:label1\" content=\"Est. reading time\" \/>\n\t<meta name=\"twitter:data1\" content=\"2 minutes\" \/>\n<script type=\"application\/ld+json\" class=\"yoast-schema-graph\">{\"@context\":\"https:\/\/schema.org\",\"@graph\":[{\"@type\":\"WebPage\",\"@id\":\"https:\/\/www.eqit.sk\/jobs\/infra-architekt-tl\/\",\"url\":\"https:\/\/www.eqit.sk\/jobs\/infra-architekt-tl\/\",\"name\":\"Infra Architekt + TL - Eqit\",\"isPartOf\":{\"@id\":\"https:\/\/www.eqit.sk\/#website\"},\"datePublished\":\"2024-12-27T11:18:37+00:00\",\"dateModified\":\"2024-12-27T11:19:57+00:00\",\"breadcrumb\":{\"@id\":\"https:\/\/www.eqit.sk\/jobs\/infra-architekt-tl\/#breadcrumb\"},\"inLanguage\":\"en-US\",\"potentialAction\":[{\"@type\":\"ReadAction\",\"target\":[\"https:\/\/www.eqit.sk\/jobs\/infra-architekt-tl\/\"]}]},{\"@type\":\"BreadcrumbList\",\"@id\":\"https:\/\/www.eqit.sk\/jobs\/infra-architekt-tl\/#breadcrumb\",\"itemListElement\":[{\"@type\":\"ListItem\",\"position\":1,\"name\":\"Home\",\"item\":\"https:\/\/www.eqit.sk\/\"},{\"@type\":\"ListItem\",\"position\":2,\"name\":\"Job Openings\",\"item\":\"https:\/\/www.eqit.sk\/jobs\/\"},{\"@type\":\"ListItem\",\"position\":3,\"name\":\"Infra Architekt + TL\"}]},{\"@type\":\"WebSite\",\"@id\":\"https:\/\/www.eqit.sk\/#website\",\"url\":\"https:\/\/www.eqit.sk\/\",\"name\":\"Eqit\",\"description\":\"\",\"publisher\":{\"@id\":\"https:\/\/www.eqit.sk\/#organization\"},\"potentialAction\":[{\"@type\":\"SearchAction\",\"target\":{\"@type\":\"EntryPoint\",\"urlTemplate\":\"https:\/\/www.eqit.sk\/?s={search_term_string}\"},\"query-input\":\"required name=search_term_string\"}],\"inLanguage\":\"en-US\"},{\"@type\":\"Organization\",\"@id\":\"https:\/\/www.eqit.sk\/#organization\",\"name\":\"Eqit\",\"url\":\"https:\/\/www.eqit.sk\/\",\"logo\":{\"@type\":\"ImageObject\",\"inLanguage\":\"en-US\",\"@id\":\"https:\/\/www.eqit.sk\/#\/schema\/logo\/image\/\",\"url\":\"https:\/\/www.eqit.sk\/wp-content\/uploads\/2023\/01\/Logo_EQITbiele.svg\",\"contentUrl\":\"https:\/\/www.eqit.sk\/wp-content\/uploads\/2023\/01\/Logo_EQITbiele.svg\",\"width\":522,\"height\":341,\"caption\":\"Eqit\"},\"image\":{\"@id\":\"https:\/\/www.eqit.sk\/#\/schema\/logo\/image\/\"}}]}<\/script>\n<!-- \/ Yoast SEO plugin. -->","yoast_head_json":{"title":"Infra Architekt + TL - Eqit","robots":{"index":"index","follow":"follow","max-snippet":"max-snippet:-1","max-image-preview":"max-image-preview:large","max-video-preview":"max-video-preview:-1"},"canonical":"https:\/\/www.eqit.sk\/en\/jobs\/infra-architekt-tl\/","og_locale":"en_US","og_type":"article","og_title":"Infra Architekt + TL - Eqit","og_description":"Slovensk\u00e1 spolo\u010dnos\u0165 z oblasti SW v\u00fdvoja h\u013ead\u00e1 do svojich radov sk\u00fasen\u00e9ho Infrastructure architekta, ktor\u00fd m\u00e1 sk\u00fasenos\u0165 aj s leadovan\u00edm t\u00edmu. Ide o firmu, ktor\u00e1 je na na\u0161om trhu u\u017e skoro 30 rokov. Spolupracuj\u00fa s ve\u013ek\u00fdmi spolo\u010dnos\u0165ami ako Dell, Microsoft, Google a pod., no okrem toho sa venuj\u00fa aj \u0161t\u00e1tnym projektom. N\u00c1PL\u0147 PR\u00c1CE n\u00e1vrh architekt\u00fary infra\u0161trukt\u00fary [&hellip;]","og_url":"https:\/\/www.eqit.sk\/en\/jobs\/infra-architekt-tl\/","og_site_name":"Eqit","article_modified_time":"2024-12-27T11:19:57+00:00","twitter_card":"summary_large_image","twitter_misc":{"Est. reading time":"2 minutes"},"schema":{"@context":"https:\/\/schema.org","@graph":[{"@type":"WebPage","@id":"https:\/\/www.eqit.sk\/jobs\/infra-architekt-tl\/","url":"https:\/\/www.eqit.sk\/jobs\/infra-architekt-tl\/","name":"Infra Architekt + TL - Eqit","isPartOf":{"@id":"https:\/\/www.eqit.sk\/#website"},"datePublished":"2024-12-27T11:18:37+00:00","dateModified":"2024-12-27T11:19:57+00:00","breadcrumb":{"@id":"https:\/\/www.eqit.sk\/jobs\/infra-architekt-tl\/#breadcrumb"},"inLanguage":"en-US","potentialAction":[{"@type":"ReadAction","target":["https:\/\/www.eqit.sk\/jobs\/infra-architekt-tl\/"]}]},{"@type":"BreadcrumbList","@id":"https:\/\/www.eqit.sk\/jobs\/infra-architekt-tl\/#breadcrumb","itemListElement":[{"@type":"ListItem","position":1,"name":"Home","item":"https:\/\/www.eqit.sk\/"},{"@type":"ListItem","position":2,"name":"Job Openings","item":"https:\/\/www.eqit.sk\/jobs\/"},{"@type":"ListItem","position":3,"name":"Infra Architekt + TL"}]},{"@type":"WebSite","@id":"https:\/\/www.eqit.sk\/#website","url":"https:\/\/www.eqit.sk\/","name":"Eqit","description":"","publisher":{"@id":"https:\/\/www.eqit.sk\/#organization"},"potentialAction":[{"@type":"SearchAction","target":{"@type":"EntryPoint","urlTemplate":"https:\/\/www.eqit.sk\/?s={search_term_string}"},"query-input":"required name=search_term_string"}],"inLanguage":"en-US"},{"@type":"Organization","@id":"https:\/\/www.eqit.sk\/#organization","name":"Eqit","url":"https:\/\/www.eqit.sk\/","logo":{"@type":"ImageObject","inLanguage":"en-US","@id":"https:\/\/www.eqit.sk\/#\/schema\/logo\/image\/","url":"https:\/\/www.eqit.sk\/wp-content\/uploads\/2023\/01\/Logo_EQITbiele.svg","contentUrl":"https:\/\/www.eqit.sk\/wp-content\/uploads\/2023\/01\/Logo_EQITbiele.svg","width":522,"height":341,"caption":"Eqit"},"image":{"@id":"https:\/\/www.eqit.sk\/#\/schema\/logo\/image\/"}}]}},"_links":{"self":[{"href":"https:\/\/www.eqit.sk\/en\/wp-json\/wp\/v2\/awsm_job_openings\/5271"}],"collection":[{"href":"https:\/\/www.eqit.sk\/en\/wp-json\/wp\/v2\/awsm_job_openings"}],"about":[{"href":"https:\/\/www.eqit.sk\/en\/wp-json\/wp\/v2\/types\/awsm_job_openings"}],"author":[{"embeddable":true,"href":"https:\/\/www.eqit.sk\/en\/wp-json\/wp\/v2\/users\/2"}],"wp:attachment":[{"href":"https:\/\/www.eqit.sk\/en\/wp-json\/wp\/v2\/media?parent=5271"}],"curies":[{"name":"wp","href":"https:\/\/api.w.org\/{rel}","templated":true}]}}